{"id":480,"date":"2012-06-25T18:39:28","date_gmt":"2012-06-25T16:39:28","guid":{"rendered":"http:\/\/www.frenchcourses-paris.com\/?page_id=480"},"modified":"2025-02-12T17:01:22","modified_gmt":"2025-02-12T16:01:22","slug":"cours-de-francais-the-french-class-paris-cgv","status":"publish","type":"page","link":"https:\/\/www.frenchcourses-paris.com\/fr\/cours-de-francais-the-french-class-paris-cgv\/","title":{"rendered":"The French Class: Conditions g\u00e9n\u00e9rales de vente de nos cours de fran\u00e7ais"},"content":{"rendered":"<h2>1. Cours de fran\u00e7ais de The French Class \u00e0 Paris<\/h2>\n<h3 style=\"text-align: justify;\">1.1 G\u00e9n\u00e9ralit\u00e9s concernant l&rsquo;ensemble des cours<\/h3>\n<ul>\n<li>La dur\u00e9e d\u2019un cours de fran\u00e7ais \u00e0 l&rsquo;unit\u00e9 est d\u2019une heure (60 minutes).<\/li>\n<li>Les cours de fran\u00e7ais \u00e0 Paris peuvent \u00eatre r\u00e9serv\u00e9s soit \u00e0 l\u2019unit\u00e9, soit sous forme de sessions ou \u00ab packages \u00bb de plusieurs cours de fran\u00e7ais. Les tarifs des formules ou packages sont d\u00e9gressifs en fonction du volume horaire command\u00e9.<\/li>\n<li style=\"text-align: justify;\">Toute formule de cours de fran\u00e7ais \u00e0 Paris ou \u00ab\u00a0package\u00a0\u00bb de cours est valable jusqu\u2019\u00e0 12 semaines apr\u00e8s r\u00e9ception du r\u00e8glement. Pass\u00e9 ce d\u00e9lai, la session commenc\u00e9e est due en int\u00e9gralit\u00e9 \u00e0 <em>The French Class<\/em>.<\/li>\n<li style=\"text-align: justify;\">Les \u00e9tudiants ne sont admis aux cours de fran\u00e7ais \u00e0 Paris qu\u2019\u00e0 la date et l\u2019heure d\u00e9finies avec leur professeur de fran\u00e7ais lors de leur inscription.<\/li>\n<li style=\"text-align: justify;\">Les cours de fran\u00e7ais \u00e0 Paris d\u00e9butent et terminent \u00e0 l\u2019heure pr\u00e9vue. En cas de retard de l\u2019\u00e9tudiant, aucun remboursement ou report du cours ne peut \u00eatre demand\u00e9.<\/li>\n<li style=\"text-align: justify;\">Toute annulation d\u2019un cours de fran\u00e7ais \u00e0 Paris de la part de l\u2019\u00e9tudiant doit \u00eatre demand\u00e9e au moins <strong>48 heures<\/strong> avant le d\u00e9but du cours. Aucun remboursement ne sera possible apr\u00e8s ce d\u00e9lai.<\/li>\n<li style=\"text-align: justify;\">En cas d\u2019absence \u00e0 l\u2019ensemble des cours de fran\u00e7ais \u00e0 Paris ou de d\u00e9part anticip\u00e9 de l\u2019\u00e9tudiant avant la fin du programme de cours, aucun remboursement, report de cours ou avoir ne sera accord\u00e9.<\/li>\n<\/ul>\n<p>[\/custom_list]<\/p>\n<h3 style=\"text-align: justify;\">1.2 Conditions sp\u00e9cifiques aux cours de fran\u00e7ais individuels de The French Class<\/h3>\n<p>[custom_list style=\u00a0\u00bblist-7&Prime;]<\/p>\n<ul>\n<li style=\"text-align: justify;\">Les cours de fran\u00e7ais individuels peuvent \u00eatre r\u00e9serv\u00e9s soit \u00e0 l\u2019unit\u00e9, soit sous forme de formules ou \u00ab packages \u00bb de 5, 8, ou 15 cours.<\/li>\n<li style=\"text-align: justify;\">Une session de cours de fran\u00e7ais individuels ne peut en aucun cas \u00eatre \u00e9chang\u00e9e contre une session de cours de fran\u00e7ais collectifs.<\/li>\n<\/ul>\n<p>[\/custom_list]<\/p>\n<h3 style=\"text-align: justify;\">1.3 Conditions sp\u00e9cifiques aux cours de fran\u00e7ais collectifs en mini-groupes de The French Class<\/h3>\n<p>[custom_list style=\u00a0\u00bblist-7&Prime;]<\/p>\n<ul>\n<li style=\"text-align: justify;\">Les cours de fran\u00e7ais collectifs en mini-groupes sont exclusivement command\u00e9s sous forme de session ou \u00ab packages \u00bb. Un minimum de 8 cours de fran\u00e7ais est exig\u00e9 pour l\u2019enregistrement de la commande.<\/li>\n<li style=\"text-align: justify;\">Le r\u00e8glement des cours de fran\u00e7ais collectifs doit \u00eatre vers\u00e9 en int\u00e9gralit\u00e9 avant le d\u00e9but de la session. Toute session de cours de fran\u00e7ais collectifs est soumise \u00e0 l\u2019\u00e9tablissement d\u2019une seule facture par groupe.<\/li>\n<li style=\"text-align: justify;\">Une session de cours collectifs ne peut en aucun cas \u00eatre \u00e9chang\u00e9e contre une session de cours individuels.<\/li>\n<\/ul>\n<p>[\/custom_list]<\/p>\n<h3 style=\"text-align: justify;\">2. Modalit\u00e9s de paiement<strong><br \/>\n<\/strong><\/h3>\n<p>[custom_list style=\u00a0\u00bblist-7&Prime;]<\/p>\n<ul>\n<li style=\"text-align: justify;\">L\u2019inscription n\u2019est d\u00e9finitive qu\u2019\u00e0 r\u00e9ception du r\u00e8glement de l\u2019\u00e9tudiant. Ce r\u00e8glement doit \u00eatre imp\u00e9rativement vers\u00e9 <strong>avant le d\u00e9but de tout cours de fran\u00e7ais \u00e0 Paris command\u00e9 \u00e0 l\u2019unit\u00e9 ou de toute session de plusieurs cours<\/strong>.<\/li>\n<li style=\"text-align: justify;\">Le r\u00e8glement des frais de scolarit\u00e9 et frais annexes s\u2019effectue en esp\u00e8ces (en euros), par ch\u00e8que bancaire endossable en France ou par virement bancaire.<\/li>\n<\/ul>\n<p style=\"text-align: justify;\">[\/custom_list]<\/p>\n<h3 style=\"text-align: justify;\">3. Politique de confidentialit\u00e9<strong><br \/>\n<\/strong><\/h3>\n<p>[custom_list style=\u00a0\u00bblist-7&Prime;]<\/p>\n<ul>\n<li style=\"text-align: justify;\">Les donn\u00e9es personnelles renseign\u00e9es par l\u2019\u00e9tudiant via le site internet de <em>The French Class<\/em> telles que le nom, l\u2019adresse email et\/ou postale, et le num\u00e9ro de t\u00e9l\u00e9phone de ce dernier sont strictement confidentielles.<\/li>\n<li style=\"text-align: justify;\"><em>The French Class<\/em> s\u2019engage \u00e0 ne pas divulguer \u00e0 des tiers les informations communiqu\u00e9es par les \u00e9tudiants. Celles-ci seront uniquement utilis\u00e9es pour le traitement des r\u00e9servations, ainsi que pour personnaliser la communication et renforcer l\u2019offre de cours de fran\u00e7ais r\u00e9serv\u00e9e aux \u00e9tudiants de <em>The French Class <\/em>\u00e0 Paris.<\/li>\n<\/ul>\n<p style=\"text-align: justify;\">[\/custom_list]<\/p>\n<h3 style=\"text-align: justify;\">4. Loi applicable et juridiction comp\u00e9tente<strong><br \/>\n<\/strong><\/h3>\n<p>[custom_list style=\u00a0\u00bblist-7&Prime;]<\/p>\n<ul>\n<li style=\"text-align: justify;\">Les parties s\u2019accordent \u00e0 ce que tout litige relatif \u00e0 ce contrat, et ce pour quelque cause que ce soit, soient du ressort du Tribunal d\u2019instance de Paris.<\/li>\n<\/ul>\n<p>[\/custom_list]<\/p>\n<h3 style=\"text-align: justify;\">5.\u00a0En signant mon formulaire d\u2019inscription, j\u2019accepte sans r\u00e9serve les Conditions g\u00e9n\u00e9rales de vente de The French Class.<\/h3>\n<p>[custom_list style=\u00a0\u00bblist-7&Prime;]<\/p>\n<ul>\n<li style=\"text-align: justify;\">En m\u2019inscrivant \u00e0 un cours de fran\u00e7ais \u00e0 Paris aupr\u00e8s de <em>The French Class<\/em>, j\u2019accepte les Conditions g\u00e9n\u00e9rales de vente en vigueur au moment de la souscription du pr\u00e9sent contrat et m\u2019engage \u00e0 les respecter. Ces\u00a0 conditions s\u2019appliquent tant \u00e0 une inscription \u00e0 un cours collectif qu\u2019\u00e0 une inscription \u00e0 un cours individuel.<\/li>\n<\/ul>\n<p>[\/custom_list]<\/p>\n<p>Nom et signature : \u00a0\u00a0\u00a0\u00a0\u00a0\u00a0\u00a0\u00a0\u00a0\u00a0\u00a0\u00a0\u00a0\u00a0\u00a0\u00a0\u00a0\u00a0\u00a0\u00a0\u00a0\u00a0\u00a0\u00a0\u00a0\u00a0\u00a0\u00a0\u00a0\u00a0\u00a0\u00a0\u00a0\u00a0\u00a0\u00a0\u00a0\u00a0\u00a0\u00a0\u00a0\u00a0 Nom et signature :<br \/>\nDate :\u00a0\u00a0\u00a0\u00a0\u00a0\u00a0\u00a0\u00a0\u00a0\u00a0\u00a0\u00a0\u00a0\u00a0\u00a0\u00a0\u00a0\u00a0\u00a0\u00a0\u00a0\u00a0\u00a0\u00a0\u00a0\u00a0\u00a0\u00a0\u00a0\u00a0\u00a0\u00a0\u00a0\u00a0\u00a0\u00a0\u00a0\u00a0\u00a0\u00a0\u00a0\u00a0\u00a0\u00a0\u00a0\u00a0\u00a0\u00a0\u00a0\u00a0\u00a0\u00a0\u00a0\u00a0\u00a0\u00a0\u00a0\u00a0\u00a0\u00a0\u00a0\u00a0\u00a0\u00a0\u00a0\u00a0 Date :<\/p>\n<p style=\"text-align: right;\"><a href=\"http:\/\/paris.angloinfo.com\/\">AngloINFO Paris &amp; Ile-de-France<\/a><\/p>\n","protected":false},"excerpt":{"rendered":"<p>1. Cours de fran\u00e7ais de The French Class \u00e0 Paris 1.1 G\u00e9n\u00e9ralit\u00e9s concernant l&rsquo;ensemble des cours La dur\u00e9e d\u2019un cours [&hellip;]<\/p>\n","protected":false},"author":3,"featured_media":0,"parent":0,"menu_order":9,"comment_status":"open","ping_status":"closed","template":"","meta":{"_uag_custom_page_level_css":"","_lmt_disableupdate":"","_lmt_disable":"","site-sidebar-layout":"default","site-content-layout":"","ast-site-content-layout":"default","site-content-style":"default","site-sidebar-style":"default","ast-global-header-display":"","ast-banner-title-visibility":"","ast-main-header-display":"","ast-hfb-above-header-display":"","ast-hfb-below-header-display":"","ast-hfb-mobile-header-display":"","site-post-title":"","ast-breadcrumbs-content":"","ast-featured-img":"","footer-sml-layout":"","ast-disable-related-posts":"","theme-transparent-header-meta":"","adv-header-id-meta":"","stick-header-meta":"","header-above-stick-meta":"","header-main-stick-meta":"","header-below-stick-meta":"","astra-migrate-meta-layouts":"default","ast-page-background-enabled":"default","ast-page-background-meta":{"desktop":{"background-color":"var(--ast-global-color-4)","background-image":"","background-repeat":"repeat","background-position":"center center","background-size":"auto","background-attachment":"scroll","background-type":"","background-media":"","overlay-type":"","overlay-color":"","overlay-opacity":"","overlay-gradient":""},"tablet":{"background-color":"","background-image":"","background-repeat":"repeat","background-position":"center center","background-size":"auto","background-attachment":"scroll","background-type":"","background-media":"","overlay-type":"","overlay-color":"","overlay-opacity":"","overlay-gradient":""},"mobile":{"background-color":"","background-image":"","background-repeat":"repeat","background-position":"center center","background-size":"auto","background-attachment":"scroll","background-type":"","background-media":"","overlay-type":"","overlay-color":"","overlay-opacity":"","overlay-gradient":""}},"ast-content-background-meta":{"desktop":{"background-color":"var(--ast-global-color-5)","background-image":"","background-repeat":"repeat","background-position":"center center","background-size":"auto","background-attachment":"scroll","background-type":"","background-media":"","overlay-type":"","overlay-color":"","overlay-opacity":"","overlay-gradient":""},"tablet":{"background-color":"var(--ast-global-color-5)","background-image":"","background-repeat":"repeat","background-position":"center center","background-size":"auto","background-attachment":"scroll","background-type":"","background-media":"","overlay-type":"","overlay-color":"","overlay-opacity":"","overlay-gradient":""},"mobile":{"background-color":"var(--ast-global-color-5)","background-image":"","background-repeat":"repeat","background-position":"center center","background-size":"auto","background-attachment":"scroll","background-type":"","background-media":"","overlay-type":"","overlay-color":"","overlay-opacity":"","overlay-gradient":""}},"footnotes":""},"class_list":["post-480","page","type-page","status-publish","hentry"],"aioseo_notices":[],"uagb_featured_image_src":{"full":false,"thumbnail":false,"medium":false,"medium_large":false,"large":false,"1536x1536":false,"2048x2048":false},"uagb_author_info":{"display_name":"Caroline","author_link":"https:\/\/www.frenchcourses-paris.com\/fr\/author\/caroline\/"},"uagb_comment_info":0,"uagb_excerpt":"1. Cours de fran\u00e7ais de The French Class \u00e0 Paris 1.1 G\u00e9n\u00e9ralit\u00e9s concernant l&rsquo;ensemble des cours La dur\u00e9e d\u2019un cours [&hellip;]","_links":{"self":[{"href":"https:\/\/www.frenchcourses-paris.com\/fr\/wp-json\/wp\/v2\/pages\/480","targetHints":{"allow":["GET"]}}],"collection":[{"href":"https:\/\/www.frenchcourses-paris.com\/fr\/wp-json\/wp\/v2\/pages"}],"about":[{"href":"https:\/\/www.frenchcourses-paris.com\/fr\/wp-json\/wp\/v2\/types\/page"}],"author":[{"embeddable":true,"href":"https:\/\/www.frenchcourses-paris.com\/fr\/wp-json\/wp\/v2\/users\/3"}],"replies":[{"embeddable":true,"href":"https:\/\/www.frenchcourses-paris.com\/fr\/wp-json\/wp\/v2\/comments?post=480"}],"version-history":[{"count":2,"href":"https:\/\/www.frenchcourses-paris.com\/fr\/wp-json\/wp\/v2\/pages\/480\/revisions"}],"predecessor-version":[{"id":20555,"href":"https:\/\/www.frenchcourses-paris.com\/fr\/wp-json\/wp\/v2\/pages\/480\/revisions\/20555"}],"wp:attachment":[{"href":"https:\/\/www.frenchcourses-paris.com\/fr\/wp-json\/wp\/v2\/media?parent=480"}],"curies":[{"name":"wp","href":"https:\/\/api.w.org\/{rel}","templated":true}]}}