{"id":20335,"date":"2024-07-23T10:26:03","date_gmt":"2024-07-23T08:26:03","guid":{"rendered":"https:\/\/www.frenchcourses-paris.com\/meet-juliette-a-skilled-and-passionate-french-tutor-in-paris\/"},"modified":"2025-01-24T11:30:15","modified_gmt":"2025-01-24T10:30:15","slug":"juliette-formatrice-en-francais-langue-etrangere","status":"publish","type":"page","link":"https:\/\/www.frenchcourses-paris.com\/fr\/juliette-formatrice-en-francais-langue-etrangere\/","title":{"rendered":"Rencontrez Juliette : une formatrice en fran\u00e7ais langue \u00e9trang\u00e8re passionn\u00e9e"},"content":{"rendered":"\n<div class=\"wp-block-group is-layout-constrained wp-block-group-is-layout-constrained\">\n<div class=\"wp-block-group is-layout-constrained wp-block-group-is-layout-constrained\">\n<div class=\"wp-block-group is-layout-constrained wp-block-group-is-layout-constrained\">\n<div class=\"wp-block-uagb-image aligncenter uagb-block-3320a740 wp-block-uagb-image--layout-default wp-block-uagb-image--effect-static wp-block-uagb-image--align-center\"><figure class=\"wp-block-uagb-image__figure\"><img decoding=\"async\"  sizes=\"auto, (max-width: 480px) 150px\" src=\"https:\/\/www.frenchcourses-paris.com\/images\/2024\/07\/Juliette-private-French-Tutor-in-Paris-684x1024.jpg\" alt=\"French Tutor Paris - Formatrice en fran\u00e7ais langue \u00e9trang\u00e8re (FLE)\" width=\"684\" height=\"1024\" title=\"French Teacher in Paris - Formatrice en fran\u00e7ais langue \u00e9trang\u00e8re (FLE)\" loading=\"lazy\" role=\"img\"\/><\/figure><\/div>\n<\/div>\n<\/div>\n<\/div>\n\n\n\n<h2 class=\"wp-block-heading\" style=\"font-size:28px\">Rencontrez Juliette : une formatrice en fran\u00e7ais langue \u00e9trang\u00e8re avec 15 ans d&rsquo;exp\u00e9rience<\/h2>\n\n\n\n<p class=\"has-medium-font-size\">Juliette, une <strong>professeure de fran\u00e7ais \u00e0 Paris<\/strong> d\u00e9vou\u00e9e, apporte plus de 15 ans d&rsquo;expertise \u00e0 ses \u00e9l\u00e8ves, les aidant \u00e0 ma\u00eetriser la langue fran\u00e7aise. \u00c2g\u00e9e de 37 ans, elle a travaill\u00e9 avec un large \u00e9ventail d&rsquo;apprenants, notamment des expatri\u00e9s, des professionnels internationaux et des \u00e9tudiants issus d&rsquo;institutions prestigieuses telles que Sciences Po et l&rsquo;\u00c9cole de Guerre \u00e0 Paris. Que vous soyez d\u00e9butant ou que vous visiez un niveau avanc\u00e9, Juliette est la <strong>professeure de fran\u00e7ais \u00e0 Paris<\/strong> qui vous accompagnera pour atteindre vos objectifs.<\/p>\n\n\n\n<h2 class=\"wp-block-heading\" style=\"font-size:28px\">Des cours de fran\u00e7ais personnalis\u00e9s pour tous les niveaux<\/h2>\n\n\n\n<p class=\"has-medium-font-size\">En tant que <strong>formatrice en fran\u00e7ais langue \u00e9trang\u00e8re \u00e0 Paris<\/strong>, Juliette propose des cours personnalis\u00e9s pour particuliers et groupes. Sa m\u00e9thode d&rsquo;enseignement est tr\u00e8s flexible et adapt\u00e9e aux besoins sp\u00e9cifiques de chaque \u00e9tudiant, garantissant \u00e0 chacun \u2013 des d\u00e9butants aux apprenants avanc\u00e9s \u2013 une exp\u00e9rience d&rsquo;apprentissage sur mesure. Les cours de Juliette mettent l\u2019accent sur la confiance, la fluidit\u00e9, ainsi que la ma\u00eetrise de la grammaire, de la prononciation et du vocabulaire.<\/p>\n\n\n\n<h2 class=\"wp-block-heading\" style=\"font-size:28px\"> Des r\u00e9sultats concrets, obtenus dans divers secteurs d&rsquo;activit\u00e9<\/h2>\n\n\n\n<p class=\"has-medium-font-size\">Au cours de sa carri\u00e8re, Juliette a aid\u00e9 de nombreux \u00e9l\u00e8ves \u00e0 r\u00e9ussir dans leur apprentissage du fran\u00e7ais, du niveau A1 au niveau C2. Ses \u00e9tudiants proviennent de domaines professionnels vari\u00e9s et prestigieux, notamment :<\/p>\n\n\n\n<ul class=\"wp-block-list\">\n<li class=\"has-medium-font-size\">Sant\u00e9 et Pharmaceutique<\/li>\n\n\n\n<li class=\"has-medium-font-size\">Commerce International<\/li>\n\n\n\n<li class=\"has-medium-font-size\">Secteur de l&rsquo;\u00c9nergie<\/li>\n\n\n\n<li class=\"has-medium-font-size\">Industrie du Divertissement<\/li>\n\n\n\n<li class=\"has-medium-font-size\">Arm\u00e9e et D\u00e9fense<\/li>\n\n\n\n<li class=\"has-medium-font-size\">Finance et Banque<\/li>\n\n\n\n<li class=\"has-medium-font-size\">Industrie Automobile<\/li>\n\n\n\n<li class=\"has-medium-font-size\">Environnement et D\u00e9veloppement Durable<\/li>\n<\/ul>\n\n\n\n<p class=\"has-medium-font-size\">Que ce soit pour pr\u00e9parer des examens comme le DELF\/DALF, apprendre le fran\u00e7ais des affaires pour \u00e9voluer professionnellement, ou perfectionner vos comp\u00e9tences en conversation, les <strong>cours de fran\u00e7ais \u00e0 Paris<\/strong> de Juliette garantissent des r\u00e9sultats concrets.<\/p>\n\n\n\n<h2 class=\"wp-block-heading\">Pourquoi choisir Juliette comme formatrice en fran\u00e7ais langue \u00e9trang\u00e8re \u00e0 Paris ?<\/h2>\n\n\n\n<p class=\"has-medium-font-size\">Les \u00e9tudiants de Juliette appr\u00e9cient son enthousiasme, sa patience et son engagement envers leur r\u00e9ussite. Elle adapte ses m\u00e9thodes p\u00e9dagogiques \u00e0 diff\u00e9rents styles d&rsquo;apprentissage, veillant \u00e0 ce que chaque \u00e9l\u00e8ve se sente soutenu et motiv\u00e9.<\/p>\n\n\n\n<h2 class=\"wp-block-heading\">Bien plus qu&rsquo;une professeur de fran\u00e7ais : la passion de Juliette pour la culture<\/h2>\n\n\n\n<p class=\"has-medium-font-size\">Curieuse et ouverte d&rsquo;esprit, Juliette, <strong>professeure de fran\u00e7ais \u00e0 Paris<\/strong>, aime rencontrer des personnes de nationalit\u00e9s diff\u00e9rentes et partager sa passion pour la langue et la culture fran\u00e7aises. Ses cours int\u00e8grent souvent des \u00e9l\u00e9ments d&rsquo;histoire, d&rsquo;art, de th\u00e9\u00e2tre et de litt\u00e9rature fran\u00e7aise, plongeant ainsi les \u00e9l\u00e8ves dans la richesse de la langue.<\/p>\n\n\n\n<p class=\"has-medium-font-size\">Pendant son temps libre, Juliette pratique des activit\u00e9s comme le cyclisme, la gymnastique, la randonn\u00e9e et le ski. Son amour pour le sport et l\u2019aventure inspire son enseignement, car elle croit que l&rsquo;apprentissage du fran\u00e7ais doit \u00e9galement \u00eatre dynamique et agr\u00e9able.<\/p>\n\n\n\n<div class=\"wp-block-uagb-container uagb-block-vgftpwka alignfull uagb-is-root-container\"><div class=\"uagb-container-inner-blocks-wrap\">\n<div class=\"wp-block-uagb-info-box uagb-block-m7s5lmib uagb-infobox__content-wrap  uagb-infobox-icon-above-title uagb-infobox-image-valign-top wp-block-uagb-info-box--has-margin\"><div class=\"uagb-infobox-margin-wrapper\"><div class=\"uagb-ifb-content\"><div class=\"uagb-ifb-title-wrap\"><h2 class=\"uagb-ifb-title\"><a href=\"https:\/\/www.frenchcourses-paris.com\/fr\/contact\/\" title=\"Contactez Caroline\">R\u00e9servez vos cours de fran\u00e7ais avec Juliette d\u00e8s aujourd&rsquo;hui !<\/a><\/h2><\/div><\/div><\/div><\/div>\n\n\n\n<div class=\"wp-block-uagb-container uagb-block-alhmn4oz\">\n<div class=\"wp-block-uagb-info-box uagb-block-g6sljkke uagb-infobox__content-wrap  uagb-infobox-icon-above-title uagb-infobox-image-valign-top\"><div class=\"uagb-ifb-content\"><div class=\"uagb-ifb-title-wrap\"><\/div><p class=\"uagb-ifb-desc\">Que vous soyez un expatri\u00e9 s\u2019adaptant \u00e0 la vie parisienne, un professionnel cherchant \u00e0 ma\u00eetriser le fran\u00e7ais des affaires, ou simplement une personne passionn\u00e9e par l\u2019apprentissage de la langue fran\u00e7aise, Juliette est l\u00e0 pour vous accompagner. Contactez-la d\u00e8s aujourd&rsquo;hui pour planifier une consultation et commencez votre aventure vers la ma\u00eetrise du fran\u00e7ais \u00e0 Paris !<\/p><\/div><\/div>\n<\/div>\n<\/div><\/div>\n\n\n\n<p><\/p>\n","protected":false},"excerpt":{"rendered":"<p>Rencontrez Juliette : une formatrice en fran\u00e7ais langue \u00e9trang\u00e8re avec 15 ans d&rsquo;exp\u00e9rience Juliette, une professeure de fran\u00e7ais \u00e0 Paris [&hellip;]<\/p>\n","protected":false},"author":3,"featured_media":0,"parent":0,"menu_order":0,"comment_status":"closed","ping_status":"closed","template":"","meta":{"_uag_custom_page_level_css":"","_lmt_disableupdate":"","_lmt_disable":"","site-sidebar-layout":"default","site-content-layout":"","ast-site-content-layout":"default","site-content-style":"default","site-sidebar-style":"default","ast-global-header-display":"","ast-banner-title-visibility":"","ast-main-header-display":"","ast-hfb-above-header-display":"","ast-hfb-below-header-display":"","ast-hfb-mobile-header-display":"","site-post-title":"","ast-breadcrumbs-content":"","ast-featured-img":"","footer-sml-layout":"","ast-disable-related-posts":"","theme-transparent-header-meta":"","adv-header-id-meta":"","stick-header-meta":"","header-above-stick-meta":"","header-main-stick-meta":"","header-below-stick-meta":"","astra-migrate-meta-layouts":"default","ast-page-background-enabled":"default","ast-page-background-meta":{"desktop":{"background-color":"var(--ast-global-color-4)","background-image":"","background-repeat":"repeat","background-position":"center center","background-size":"auto","background-attachment":"scroll","background-type":"","background-media":"","overlay-type":"","overlay-color":"","overlay-opacity":"","overlay-gradient":""},"tablet":{"background-color":"","background-image":"","background-repeat":"repeat","background-position":"center center","background-size":"auto","background-attachment":"scroll","background-type":"","background-media":"","overlay-type":"","overlay-color":"","overlay-opacity":"","overlay-gradient":""},"mobile":{"background-color":"","background-image":"","background-repeat":"repeat","background-position":"center center","background-size":"auto","background-attachment":"scroll","background-type":"","background-media":"","overlay-type":"","overlay-color":"","overlay-opacity":"","overlay-gradient":""}},"ast-content-background-meta":{"desktop":{"background-color":"var(--ast-global-color-5)","background-image":"","background-repeat":"repeat","background-position":"center center","background-size":"auto","background-attachment":"scroll","background-type":"","background-media":"","overlay-type":"","overlay-color":"","overlay-opacity":"","overlay-gradient":""},"tablet":{"background-color":"var(--ast-global-color-5)","background-image":"","background-repeat":"repeat","background-position":"center center","background-size":"auto","background-attachment":"scroll","background-type":"","background-media":"","overlay-type":"","overlay-color":"","overlay-opacity":"","overlay-gradient":""},"mobile":{"background-color":"var(--ast-global-color-5)","background-image":"","background-repeat":"repeat","background-position":"center center","background-size":"auto","background-attachment":"scroll","background-type":"","background-media":"","overlay-type":"","overlay-color":"","overlay-opacity":"","overlay-gradient":""}},"footnotes":""},"class_list":["post-20335","page","type-page","status-publish","hentry"],"aioseo_notices":[],"uagb_featured_image_src":{"full":false,"thumbnail":false,"medium":false,"medium_large":false,"large":false,"1536x1536":false,"2048x2048":false},"uagb_author_info":{"display_name":"Caroline","author_link":"https:\/\/www.frenchcourses-paris.com\/fr\/author\/caroline\/"},"uagb_comment_info":0,"uagb_excerpt":"Rencontrez Juliette : une formatrice en fran\u00e7ais langue \u00e9trang\u00e8re avec 15 ans d&rsquo;exp\u00e9rience Juliette, une professeure de fran\u00e7ais \u00e0 Paris [&hellip;]","_links":{"self":[{"href":"https:\/\/www.frenchcourses-paris.com\/fr\/wp-json\/wp\/v2\/pages\/20335","targetHints":{"allow":["GET"]}}],"collection":[{"href":"https:\/\/www.frenchcourses-paris.com\/fr\/wp-json\/wp\/v2\/pages"}],"about":[{"href":"https:\/\/www.frenchcourses-paris.com\/fr\/wp-json\/wp\/v2\/types\/page"}],"author":[{"embeddable":true,"href":"https:\/\/www.frenchcourses-paris.com\/fr\/wp-json\/wp\/v2\/users\/3"}],"replies":[{"embeddable":true,"href":"https:\/\/www.frenchcourses-paris.com\/fr\/wp-json\/wp\/v2\/comments?post=20335"}],"version-history":[{"count":5,"href":"https:\/\/www.frenchcourses-paris.com\/fr\/wp-json\/wp\/v2\/pages\/20335\/revisions"}],"predecessor-version":[{"id":20344,"href":"https:\/\/www.frenchcourses-paris.com\/fr\/wp-json\/wp\/v2\/pages\/20335\/revisions\/20344"}],"wp:attachment":[{"href":"https:\/\/www.frenchcourses-paris.com\/fr\/wp-json\/wp\/v2\/media?parent=20335"}],"curies":[{"name":"wp","href":"https:\/\/api.w.org\/{rel}","templated":true}]}}